{"id":133398,"date":"2025-11-06T08:46:28","date_gmt":"2025-11-06T07:46:28","guid":{"rendered":"https:\/\/www.amg-spa.com\/empresa\/"},"modified":"2025-11-06T08:46:30","modified_gmt":"2025-11-06T07:46:30","slug":"empresa","status":"publish","type":"page","link":"https:\/\/www.amg-spa.com\/es\/empresa\/","title":{"rendered":"Empresa"},"content":{"rendered":"<div class=\"wpb-content-wrapper\"><p>[vc_row row_height_percent=\u00bb60&#8243; override_padding=\u00bbyes\u00bb h_padding=\u00bb0&#8243; top_padding=\u00bb0&#8243; bottom_padding=\u00bb0&#8243; back_image=\u00bb106586&#8243; back_attachment=\u00bbscroll\u00bb overlay_alpha=\u00bb50&#8243; gutter_size=\u00bb3&#8243; column_width_percent=\u00bb100&#8243; shift_y=\u00bb0&#8243; z_index=\u00bb0&#8243; mobile_visibility=\u00bbyes\u00bb uncode_shortcode_id=\u00bb142915&#8243; css=\u00bb.vc_custom_1705481363722{padding-top: 400px !important;padding-bottom: 200px !important;}\u00bb][vc_column column_width_percent=\u00bb100&#8243; gutter_size=\u00bb3&#8243; overlay_alpha=\u00bb50&#8243; shift_x=\u00bb0&#8243; shift_y=\u00bb0&#8243; shift_y_down=\u00bb0&#8243; z_index=\u00bb0&#8243; medium_width=\u00bb0&#8243; mobile_width=\u00bb0&#8243; css_animation=\u00bbalpha-anim\u00bb animation_delay=\u00bb100&#8243; width=\u00bb1\/1&#8243; uncode_shortcode_id=\u00bb270846&#8243;][vc_custom_heading uncode_shortcode_id=\u00bb213260&#8243;][\/vc_custom_heading][\/vc_column][\/vc_row][vc_row unlock_row_content=\u00bbyes\u00bb row_height_percent=\u00bb0&#8243; override_padding=\u00bbyes\u00bb h_padding=\u00bb0&#8243; top_padding=\u00bb0&#8243; bottom_padding=\u00bb0&#8243; overlay_alpha=\u00bb50&#8243; gutter_size=\u00bb3&#8243; column_width_percent=\u00bb100&#8243; shift_y=\u00bb0&#8243; z_index=\u00bb0&#8243; desktop_visibility=\u00bbyes\u00bb medium_visibility=\u00bbyes\u00bb uncode_shortcode_id=\u00bb167483&#8243;][vc_column width=\u00bb1\/1&#8243;][vc_single_image media=\u00bb120018&#8243; media_width_percent=\u00bb100&#8243; css_animation=\u00bbalpha-anim\u00bb uncode_shortcode_id=\u00bb555911&#8243;][\/vc_column][\/vc_row][vc_row row_height_percent=\u00bb0&#8243; override_padding=\u00bbyes\u00bb h_padding=\u00bb2&#8243; top_padding=\u00bb4&#8243; bottom_padding=\u00bb4&#8243; overlay_alpha=\u00bb50&#8243; gutter_size=\u00bb3&#8243; column_width_percent=\u00bb100&#8243; shift_y=\u00bb0&#8243; z_index=\u00bb0&#8243; enable_bottom_divider=\u00bbdefault\u00bb bottom_divider=\u00bbhills\u00bb shape_bottom_h_use_pixel=\u00bbtrue\u00bb shape_bottom_height_percent=\u00bb35&#8243; shape_bottom_color=\u00bbcolor-lxmt\u00bb shape_bottom_opacity=\u00bb100&#8243; shape_bottom_index=\u00bb0&#8243; uncode_shortcode_id=\u00bb146593&#8243; shape_bottom_color_type=\u00bbuncode-palette\u00bb el_class=\u00bbcustom_shape_bottom\u00bb][vc_column column_width_percent=\u00bb100&#8243; position_vertical=\u00bbmiddle\u00bb align_horizontal=\u00bbalign_center\u00bb gutter_size=\u00bb3&#8243; overlay_alpha=\u00bb50&#8243; shift_x=\u00bb0&#8243; shift_y=\u00bb0&#8243; shift_y_down=\u00bb0&#8243; z_index=\u00bb0&#8243; medium_width=\u00bb0&#8243; mobile_width=\u00bb0&#8243; width=\u00bb1\/1&#8243; uncode_shortcode_id=\u00bb613327&#8243;][vc_custom_heading heading_semantic=\u00bbh1&#8243; text_size=\u00bbh1&#8243; uncode_shortcode_id=\u00bb109289&#8243;]HIST\u00d3RICO Y EXCLUSIVO INTERNACIONAL[\/vc_custom_heading][vc_column_text text_lead=\u00bbyes\u00bb uncode_shortcode_id=\u00bb780828&#8243;]<strong>AMG<\/strong> es una referencia italiana en los sectores de la calefacci\u00f3n y la climatizaci\u00f3n,<br \/>con <strong>40 a\u00f1os de experiencia<\/strong> a sus espaldas y una red de distribuci\u00f3n que llega a m\u00e1s de <strong>15 pa\u00edses<\/strong>.[\/vc_column_text][vc_empty_space empty_h=\u00bb3&#8243;][\/vc_column][\/vc_row][vc_row row_height_percent=\u00bb0&#8243; override_padding=\u00bbyes\u00bb h_padding=\u00bb2&#8243; top_padding=\u00bb4&#8243; bottom_padding=\u00bb4&#8243; back_color=\u00bbcolor-lxmt\u00bb overlay_alpha=\u00bb50&#8243; gutter_size=\u00bb3&#8243; column_width_percent=\u00bb100&#8243; shift_y=\u00bb0&#8243; z_index=\u00bb0&#8243; uncode_shortcode_id=\u00bb209243&#8243; back_color_type=\u00bbuncode-palette\u00bb][vc_column column_width_percent=\u00bb100&#8243; position_vertical=\u00bbmiddle\u00bb align_horizontal=\u00bbalign_center\u00bb gutter_size=\u00bb3&#8243; overlay_alpha=\u00bb50&#8243; shift_x=\u00bb0&#8243; shift_y=\u00bb0&#8243; shift_y_down=\u00bb0&#8243; z_index=\u00bb0&#8243; medium_width=\u00bb0&#8243; mobile_width=\u00bb0&#8243; width=\u00bb1\/1&#8243; uncode_shortcode_id=\u00bb613327&#8243;][vc_custom_heading heading_semantic=\u00bbh3&#8243; uncode_shortcode_id=\u00bb200491&#8243;]NUESTRAS MARCAS[\/vc_custom_heading][vc_empty_space empty_h=\u00bb2&#8243;][vc_column_text text_lead=\u00bbyes\u00bb uncode_shortcode_id=\u00bb468885&#8243;]<strong>AMG<\/strong> comprende ahora <strong> 6 marcas<\/strong>, que se distinguen por sus propias peculiaridades t\u00e9cnicas y estil\u00edsticas,<br \/>pero coordinadas desde la sede central de San Vito di Leguzzano (VI)[\/vc_column_text][vc_gallery el_id=\u00bbgallery-179908&#8243; isotope_mode=\u00bbfitRows\u00bb medias=\u00bb111239,111244,111229,120006,117996&#8243; gutter_size=\u00bb4&#8243; media_items=\u00bbmedia|nolink|original\u00bb screen_lg=\u00bb1000&#8243; screen_md=\u00bb600&#8243; screen_sm=\u00bb480&#8243; single_overlay_opacity=\u00bb1&#8243; single_image_magnetic=\u00bbyes\u00bb single_h_align=\u00bbcenter\u00bb single_padding=\u00bb2&#8243; single_border=\u00bbyes\u00bb single_css_animation=\u00bbbottom-t-top\u00bb single_animation_delay=\u00bb100&#8243; uncode_shortcode_id=\u00bb801718&#8243; el_class=\u00bbmobile_logos_height\u00bb][\/vc_column][\/vc_row][vc_row row_height_percent=\u00bb0&#8243; override_padding=\u00bbyes\u00bb h_padding=\u00bb2&#8243; top_padding=\u00bb4&#8243; bottom_padding=\u00bb4&#8243; overlay_alpha=\u00bb50&#8243; gutter_size=\u00bb3&#8243; column_width_percent=\u00bb100&#8243; shift_y=\u00bb0&#8243; z_index=\u00bb0&#8243; enable_top_divider=\u00bbdefault\u00bb top_divider=\u00bbswoosh\u00bb shape_top_h_use_pixel=\u00bbtrue\u00bb shape_top_height_percent=\u00bb40&#8243; shape_top_color=\u00bbcolor-lxmt\u00bb shape_top_opacity=\u00bb100&#8243; shape_top_index=\u00bb0&#8243; uncode_shortcode_id=\u00bb160408&#8243; shape_top_color_type=\u00bbuncode-palette\u00bb el_class=\u00bbcustom_shape_bottom\u00bb][vc_column column_width_percent=\u00bb100&#8243; align_horizontal=\u00bbalign_center\u00bb gutter_size=\u00bb3&#8243; overlay_alpha=\u00bb50&#8243; shift_x=\u00bb0&#8243; shift_y=\u00bb0&#8243; shift_y_down=\u00bb0&#8243; z_index=\u00bb0&#8243; medium_width=\u00bb0&#8243; mobile_width=\u00bb0&#8243; width=\u00bb1\/1&#8243; uncode_shortcode_id=\u00bb163230&#8243;][vc_empty_space empty_h=\u00bb2&#8243;][vc_custom_heading heading_semantic=\u00bbh3&#8243; uncode_shortcode_id=\u00bb604237&#8243;]EMPRESA[\/vc_custom_heading][vc_empty_space empty_h=\u00bb2&#8243;][vc_row_inner limit_content=\u00bb\u00bb][vc_column_inner width=\u00bb1\/2&#8243;][vc_column_text uncode_shortcode_id=\u00bb276172&#8243; el_class=\u00bbtext_justify\u00bb]Fundada en <strong>1981<\/strong> bajo la hist\u00f3rica marca <strong>Artel<\/strong>, nuestra empresa ha cambiado de forma a lo largo de las d\u00e9cadas, pero ha mantenido inalterada su naturaleza, sin dejar nunca de investigar y acumular experiencia profesional. Nuestra ambici\u00f3n es <strong>llevar la innovaci\u00f3n y la ecolog\u00eda<\/strong> a la vida cotidiana de familias y empresas de todo el mundo.[\/vc_column_text][\/vc_column_inner][vc_column_inner column_width_percent=\u00bb100&#8243; gutter_size=\u00bb3&#8243; overlay_alpha=\u00bb50&#8243; shift_x=\u00bb0&#8243; shift_y=\u00bb0&#8243; shift_y_down=\u00bb0&#8243; z_index=\u00bb0&#8243; medium_width=\u00bb0&#8243; mobile_width=\u00bb0&#8243; width=\u00bb1\/2&#8243; uncode_shortcode_id=\u00bb136509&#8243;][vc_column_text uncode_shortcode_id=\u00bb208857&#8243; el_class=\u00bbtext_justify\u00bb]Producimos y comercializamos <strong>diversas soluciones tecnol\u00f3gicas<\/strong> para el tratamiento <strong>del aire<\/strong> de todos los <strong>entornos dom\u00e9sticos<\/strong>, <strong>comerciales<\/strong> e <strong>industriales<\/strong>. Operamos sobre todo en los campos de la biomasa, las bombas de calor y las calderas de condensaci\u00f3n, colaborando con los principales actores internacionales de la distribuci\u00f3n.[\/vc_column_text][\/vc_column_inner][\/vc_row_inner][vc_empty_space empty_h=\u00bb2&#8243;][vc_icon icon=\u00bbfa fa-apartment\u00bb icon_color=\u00bbaccent\u00bb background_style=\u00bbfa-rounded\u00bb size=\u00bbfa-2x\u00bb outline=\u00bbyes\u00bb text_size=\u00bbh4&#8243; text_weight=\u00bb500&#8243; linked_title=\u00bbyes\u00bb css_animation=\u00bbalpha-anim\u00bb uncode_shortcode_id=\u00bb134566&#8243; icon_color_type=\u00bbuncode-palette\u00bb title=\u00bbPERFIL DE LA EMPRESA\u00bb link=\u00bburl:https%3A%2F%2Fdrive.google.com%2Ffile%2Fd%2F1L4aLFa9iIDjCJH8U_ZFzJip9mmcwsWk6%2Fview%3Fusp%3Dshare_link|target:_blank|\u00bb][\/vc_icon][\/vc_column][\/vc_row][vc_row row_height_percent=\u00bb0&#8243; back_image=\u00bb104974&#8243; back_position=\u00bbcenter bottom\u00bb parallax=\u00bbyes\u00bb overlay_alpha=\u00bb50&#8243; gutter_size=\u00bb3&#8243; column_width_percent=\u00bb100&#8243; shift_y=\u00bb0&#8243; z_index=\u00bb0&#8243; uncode_shortcode_id=\u00bb415994&#8243; row_height_pixel=\u00bb650px\u00bb][vc_column width=\u00bb1\/1&#8243;][\/vc_column][\/vc_row][vc_row row_height_percent=\u00bb0&#8243; override_padding=\u00bbyes\u00bb h_padding=\u00bb2&#8243; top_padding=\u00bb4&#8243; bottom_padding=\u00bb4&#8243; overlay_alpha=\u00bb50&#8243; gutter_size=\u00bb3&#8243; column_width_percent=\u00bb100&#8243; shift_y=\u00bb0&#8243; z_index=\u00bb0&#8243; uncode_shortcode_id=\u00bb177553&#8243;][vc_column column_width_percent=\u00bb100&#8243; position_vertical=\u00bbmiddle\u00bb align_horizontal=\u00bbalign_center\u00bb gutter_size=\u00bb3&#8243; overlay_alpha=\u00bb50&#8243; shift_x=\u00bb0&#8243; shift_y=\u00bb0&#8243; shift_y_down=\u00bb0&#8243; z_index=\u00bb0&#8243; medium_width=\u00bb0&#8243; mobile_width=\u00bb0&#8243; width=\u00bb1\/1&#8243; uncode_shortcode_id=\u00bb662069&#8243;][vc_custom_heading heading_semantic=\u00bbh3&#8243; uncode_shortcode_id=\u00bb109957&#8243;]PRODUCIMOS Y DISTRIBUIMOS<br \/>CADA A\u00d1O[\/vc_custom_heading][vc_empty_space empty_h=\u00bb3&#8243;][vc_row_inner limit_content=\u00bb\u00bb][vc_column_inner column_width_percent=\u00bb100&#8243; position_vertical=\u00bbmiddle\u00bb align_horizontal=\u00bbalign_center\u00bb gutter_size=\u00bb3&#8243; overlay_alpha=\u00bb50&#8243; shift_x=\u00bb0&#8243; shift_y=\u00bb0&#8243; shift_y_down=\u00bb0&#8243; z_index=\u00bb0&#8243; medium_width=\u00bb0&#8243; mobile_width=\u00bb0&#8243; width=\u00bb1\/4&#8243; uncode_shortcode_id=\u00bb405518&#8243;][uncode_counter value=\u00bb90000&#8243; prefix=\u00bb+\u00bb counter_color=\u00bbaccent\u00bb size=\u00bbh1&#8243; weight=\u00bb700&#8243; transform=\u00bbuppercase\u00bb separator=\u00bbyes\u00bb text=\u00bbCALENTADORES DE AIRE\u00bb uncode_shortcode_id=\u00bb306555&#8243; counter_color_type=\u00bbuncode-palette\u00bb][\/vc_column_inner][vc_column_inner column_width_percent=\u00bb100&#8243; position_vertical=\u00bbmiddle\u00bb align_horizontal=\u00bbalign_center\u00bb gutter_size=\u00bb3&#8243; overlay_alpha=\u00bb50&#8243; shift_x=\u00bb0&#8243; shift_y=\u00bb0&#8243; shift_y_down=\u00bb0&#8243; z_index=\u00bb0&#8243; medium_width=\u00bb0&#8243; mobile_width=\u00bb0&#8243; width=\u00bb1\/4&#8243; uncode_shortcode_id=\u00bb112952&#8243;][uncode_counter value=\u00bb12000&#8243; prefix=\u00bb+\u00bb counter_color=\u00bbaccent\u00bb size=\u00bbh1&#8243; weight=\u00bb700&#8243; transform=\u00bbuppercase\u00bb separator=\u00bbyes\u00bb text=\u00bbESTUFAS Y CALDERAS\u00bb uncode_shortcode_id=\u00bb316576&#8243; counter_color_type=\u00bbuncode-palette\u00bb][\/vc_column_inner][vc_column_inner column_width_percent=\u00bb100&#8243; position_vertical=\u00bbmiddle\u00bb align_horizontal=\u00bbalign_center\u00bb gutter_size=\u00bb3&#8243; overlay_alpha=\u00bb50&#8243; shift_x=\u00bb0&#8243; shift_y=\u00bb0&#8243; shift_y_down=\u00bb0&#8243; z_index=\u00bb0&#8243; medium_width=\u00bb0&#8243; mobile_width=\u00bb0&#8243; width=\u00bb1\/4&#8243; uncode_shortcode_id=\u00bb127947&#8243;][uncode_counter value=\u00bb45000&#8243; prefix=\u00bb+\u00bb counter_color=\u00bbaccent\u00bb size=\u00bbh1&#8243; weight=\u00bb700&#8243; transform=\u00bbuppercase\u00bb separator=\u00bbyes\u00bb text=\u00bbCLIMA Y BOMBAS DE CALOR\u00bb uncode_shortcode_id=\u00bb100008&#8243; counter_color_type=\u00bbuncode-palette\u00bb][\/vc_column_inner][vc_column_inner column_width_percent=\u00bb100&#8243; position_vertical=\u00bbmiddle\u00bb align_horizontal=\u00bbalign_center\u00bb gutter_size=\u00bb3&#8243; overlay_alpha=\u00bb50&#8243; shift_x=\u00bb0&#8243; shift_y=\u00bb0&#8243; shift_y_down=\u00bb0&#8243; z_index=\u00bb0&#8243; medium_width=\u00bb0&#8243; mobile_width=\u00bb0&#8243; width=\u00bb1\/4&#8243; uncode_shortcode_id=\u00bb204039&#8243;][uncode_counter value=\u00bb5000&#8243; prefix=\u00bb+\u00bb counter_color=\u00bbaccent\u00bb size=\u00bbh1&#8243; weight=\u00bb700&#8243; transform=\u00bbuppercase\u00bb separator=\u00bbyes\u00bb text=\u00bbCALDERAS DE CONDENSACI\u00d3N\u00bb uncode_shortcode_id=\u00bb174271&#8243; counter_color_type=\u00bbuncode-palette\u00bb][\/vc_column_inner][\/vc_row_inner][vc_empty_space empty_h=\u00bb3&#8243;][vc_single_image media=\u00bb111224&#8243; media_width_percent=\u00bb100&#8243; alignment=\u00bbcenter\u00bb uncode_shortcode_id=\u00bb130693&#8243;][\/vc_column][\/vc_row]<\/p>\n<\/div>","protected":false},"excerpt":{"rendered":"<p>[vc_row row_height_percent=\u00bb60&#8243; override_padding=\u00bbyes\u00bb h_padding=\u00bb0&#8243; top_padding=\u00bb0&#8243; bottom_padding=\u00bb0&#8243; back_image=\u00bb106586&#8243; back_attachment=\u00bbscroll\u00bb overlay_alpha=\u00bb50&#8243; gutter_size=\u00bb3&#8243; column_width_percent=\u00bb100&#8243; shift_y=\u00bb0&#8243; z_index=\u00bb0&#8243; mobile_visibility=\u00bbyes\u00bb uncode_shortcode_id=\u00bb142915&#8243; css=\u00bb.vc_custom_1705481363722{padding-top: 400px !important;padding-bottom: 200px !important;}\u00bb][vc_column [&hellip;]<\/p>\n","protected":false},"author":1,"featured_media":0,"parent":0,"menu_order":0,"comment_status":"closed","ping_status":"closed","template":"","meta":{"_acf_changed":false,"footnotes":""},"folder":[],"class_list":["post-133398","page","type-page","status-publish","hentry"],"acf":[],"yoast_head":"<!-- This site is optimized with the Yoast SEO plugin v27.3 - https:\/\/yoast.com\/product\/yoast-seo-wordpress\/ -->\n<title>Empresa - Amg Spa<\/title>\n<meta name=\"description\" content=\"L\u00edder europeo en fabricaci\u00f3n de estufas y calderas de pellets, calderas de gas y bombas de calor. AMG es garant\u00eda de calidad desde hace 40 a\u00f1os.\" \/>\n<meta name=\"robots\" content=\"index, follow, max-snippet:-1, max-image-preview:large, max-video-preview:-1\" \/>\n<link rel=\"canonical\" href=\"https:\/\/www.amg-spa.com\/es\/empresa\/\" \/>\n<meta property=\"og:locale\" content=\"es_ES\" \/>\n<meta property=\"og:type\" content=\"article\" \/>\n<meta property=\"og:title\" content=\"Empresa - Amg Spa\" \/>\n<meta property=\"og:description\" content=\"L\u00edder europeo en fabricaci\u00f3n de estufas y calderas de pellets, calderas de gas y bombas de calor. AMG es garant\u00eda de calidad desde hace 40 a\u00f1os.\" \/>\n<meta property=\"og:url\" content=\"https:\/\/www.amg-spa.com\/es\/empresa\/\" \/>\n<meta property=\"og:site_name\" content=\"Amg Spa\" \/>\n<meta property=\"article:publisher\" content=\"https:\/\/www.facebook.com\/amggroupspa\/\" \/>\n<meta property=\"article:modified_time\" content=\"2025-11-06T07:46:30+00:00\" \/>\n<meta property=\"og:image\" content=\"https:\/\/www.amg-spa.com\/wp-content\/uploads\/2019\/02\/amg_screen.jpg\" \/>\n\t<meta property=\"og:image:width\" content=\"2346\" \/>\n\t<meta property=\"og:image:height\" content=\"1564\" \/>\n\t<meta property=\"og:image:type\" content=\"image\/jpeg\" \/>\n<meta name=\"twitter:card\" content=\"summary_large_image\" \/>\n<meta name=\"twitter:label1\" content=\"Tiempo de lectura\" \/>\n\t<meta name=\"twitter:data1\" content=\"6 minutos\" \/>\n<script type=\"application\/ld+json\" class=\"yoast-schema-graph\">{\"@context\":\"https:\\\/\\\/schema.org\",\"@graph\":[{\"@type\":\"WebPage\",\"@id\":\"https:\\\/\\\/www.amg-spa.com\\\/es\\\/empresa\\\/\",\"url\":\"https:\\\/\\\/www.amg-spa.com\\\/es\\\/empresa\\\/\",\"name\":\"Empresa - Amg Spa\",\"isPartOf\":{\"@id\":\"https:\\\/\\\/www.amg-spa.com\\\/es\\\/#website\"},\"datePublished\":\"2025-11-06T07:46:28+00:00\",\"dateModified\":\"2025-11-06T07:46:30+00:00\",\"description\":\"L\u00edder europeo en fabricaci\u00f3n de estufas y calderas de pellets, calderas de gas y bombas de calor. AMG es garant\u00eda de calidad desde hace 40 a\u00f1os.\",\"breadcrumb\":{\"@id\":\"https:\\\/\\\/www.amg-spa.com\\\/es\\\/empresa\\\/#breadcrumb\"},\"inLanguage\":\"es\",\"potentialAction\":[{\"@type\":\"ReadAction\",\"target\":[\"https:\\\/\\\/www.amg-spa.com\\\/es\\\/empresa\\\/\"]}]},{\"@type\":\"BreadcrumbList\",\"@id\":\"https:\\\/\\\/www.amg-spa.com\\\/es\\\/empresa\\\/#breadcrumb\",\"itemListElement\":[{\"@type\":\"ListItem\",\"position\":1,\"name\":\"Home\",\"item\":\"https:\\\/\\\/www.amg-spa.com\\\/es\\\/\"},{\"@type\":\"ListItem\",\"position\":2,\"name\":\"Empresa\"}]},{\"@type\":\"WebSite\",\"@id\":\"https:\\\/\\\/www.amg-spa.com\\\/es\\\/#website\",\"url\":\"https:\\\/\\\/www.amg-spa.com\\\/es\\\/\",\"name\":\"Amg Spa\",\"description\":\"Biomass &amp; Heating Technologies\",\"potentialAction\":[{\"@type\":\"SearchAction\",\"target\":{\"@type\":\"EntryPoint\",\"urlTemplate\":\"https:\\\/\\\/www.amg-spa.com\\\/es\\\/?s={search_term_string}\"},\"query-input\":{\"@type\":\"PropertyValueSpecification\",\"valueRequired\":true,\"valueName\":\"search_term_string\"}}],\"inLanguage\":\"es\"}]}<\/script>\n<!-- \/ Yoast SEO plugin. -->","yoast_head_json":{"title":"Empresa - Amg Spa","description":"L\u00edder europeo en fabricaci\u00f3n de estufas y calderas de pellets, calderas de gas y bombas de calor. AMG es garant\u00eda de calidad desde hace 40 a\u00f1os.","robots":{"index":"index","follow":"follow","max-snippet":"max-snippet:-1","max-image-preview":"max-image-preview:large","max-video-preview":"max-video-preview:-1"},"canonical":"https:\/\/www.amg-spa.com\/es\/empresa\/","og_locale":"es_ES","og_type":"article","og_title":"Empresa - Amg Spa","og_description":"L\u00edder europeo en fabricaci\u00f3n de estufas y calderas de pellets, calderas de gas y bombas de calor. AMG es garant\u00eda de calidad desde hace 40 a\u00f1os.","og_url":"https:\/\/www.amg-spa.com\/es\/empresa\/","og_site_name":"Amg Spa","article_publisher":"https:\/\/www.facebook.com\/amggroupspa\/","article_modified_time":"2025-11-06T07:46:30+00:00","og_image":[{"width":2346,"height":1564,"url":"https:\/\/www.amg-spa.com\/wp-content\/uploads\/2019\/02\/amg_screen.jpg","type":"image\/jpeg"}],"twitter_card":"summary_large_image","twitter_misc":{"Tiempo de lectura":"6 minutos"},"schema":{"@context":"https:\/\/schema.org","@graph":[{"@type":"WebPage","@id":"https:\/\/www.amg-spa.com\/es\/empresa\/","url":"https:\/\/www.amg-spa.com\/es\/empresa\/","name":"Empresa - Amg Spa","isPartOf":{"@id":"https:\/\/www.amg-spa.com\/es\/#website"},"datePublished":"2025-11-06T07:46:28+00:00","dateModified":"2025-11-06T07:46:30+00:00","description":"L\u00edder europeo en fabricaci\u00f3n de estufas y calderas de pellets, calderas de gas y bombas de calor. AMG es garant\u00eda de calidad desde hace 40 a\u00f1os.","breadcrumb":{"@id":"https:\/\/www.amg-spa.com\/es\/empresa\/#breadcrumb"},"inLanguage":"es","potentialAction":[{"@type":"ReadAction","target":["https:\/\/www.amg-spa.com\/es\/empresa\/"]}]},{"@type":"BreadcrumbList","@id":"https:\/\/www.amg-spa.com\/es\/empresa\/#breadcrumb","itemListElement":[{"@type":"ListItem","position":1,"name":"Home","item":"https:\/\/www.amg-spa.com\/es\/"},{"@type":"ListItem","position":2,"name":"Empresa"}]},{"@type":"WebSite","@id":"https:\/\/www.amg-spa.com\/es\/#website","url":"https:\/\/www.amg-spa.com\/es\/","name":"Amg Spa","description":"Biomass &amp; Heating Technologies","potentialAction":[{"@type":"SearchAction","target":{"@type":"EntryPoint","urlTemplate":"https:\/\/www.amg-spa.com\/es\/?s={search_term_string}"},"query-input":{"@type":"PropertyValueSpecification","valueRequired":true,"valueName":"search_term_string"}}],"inLanguage":"es"}]}},"_links":{"self":[{"href":"https:\/\/www.amg-spa.com\/es\/wp-json\/wp\/v2\/pages\/133398","targetHints":{"allow":["GET"]}}],"collection":[{"href":"https:\/\/www.amg-spa.com\/es\/wp-json\/wp\/v2\/pages"}],"about":[{"href":"https:\/\/www.amg-spa.com\/es\/wp-json\/wp\/v2\/types\/page"}],"author":[{"embeddable":true,"href":"https:\/\/www.amg-spa.com\/es\/wp-json\/wp\/v2\/users\/1"}],"replies":[{"embeddable":true,"href":"https:\/\/www.amg-spa.com\/es\/wp-json\/wp\/v2\/comments?post=133398"}],"version-history":[{"count":3,"href":"https:\/\/www.amg-spa.com\/es\/wp-json\/wp\/v2\/pages\/133398\/revisions"}],"predecessor-version":[{"id":133401,"href":"https:\/\/www.amg-spa.com\/es\/wp-json\/wp\/v2\/pages\/133398\/revisions\/133401"}],"wp:attachment":[{"href":"https:\/\/www.amg-spa.com\/es\/wp-json\/wp\/v2\/media?parent=133398"}],"wp:term":[{"taxonomy":"folder","embeddable":true,"href":"https:\/\/www.amg-spa.com\/es\/wp-json\/wp\/v2\/folder?post=133398"}],"curies":[{"name":"wp","href":"https:\/\/api.w.org\/{rel}","templated":true}]}}